{"id":165,"date":"2016-04-16T14:24:03","date_gmt":"2016-04-16T12:24:03","guid":{"rendered":"http:\/\/yvi-tschischka.de\/?page_id=165"},"modified":"2025-05-04T07:18:01","modified_gmt":"2025-05-04T05:18:01","slug":"coachings","status":"publish","type":"page","link":"https:\/\/yvi-tschischka.de\/index.php\/info\/coachings\/","title":{"rendered":"Coachings"},"content":{"rendered":"\n<h3 class=\"wp-block-heading\">&nbsp;<\/h3>\n\n\n\n<div class=\"wp-block-columns is-layout-flex wp-container-core-columns-is-layout-1 wp-block-columns-is-layout-flex\">\n<div class=\"wp-block-column is-layout-flow wp-block-column-is-layout-flow\">\n<p class=\"has-text-align-center has-large-font-size\"><mark style=\"background-color:rgba(0, 0, 0, 0)\" class=\"has-inline-color has-palette-color-3-color\">Wieso du ein Coaching bei mir buchen solltest?<\/mark><\/p>\n\n\n\n<p><mark style=\"background-color:rgba(0, 0, 0, 0)\" class=\"has-inline-color has-palette-color-2-color\">Meine Erfahrung in der Fotografie umfasst<\/mark> <mark style=\"background-color:rgba(0, 0, 0, 0)\" class=\"has-inline-color has-palette-color-2-color\">inzwischen insgesamt 15 Jahre. Mindestens genauso lange besch\u00e4ftige ich mich sehr intensiv mit dem Programm &#8222;Adobe Photoshop&#8220; und habe mir hier einen pers\u00f6nlichen Workflow angeeignet, der strukturiert ist und gleichzeitig besonders schnelles und effizientes \u2013&nbsp;aber trotzdem auch sauberes (!) \u2013 Arbeiten erm\u00f6glicht. Gerne helfe ich dir mit meinen Tipps und Tricks in beiden Bereichen weiter. Du wirst so einige &#8222;Aha-Momente&#8220; bei mir erleben und ich hole dich auch gerne aus deiner Komfortzone heraus, um dich und deine Fotografie weiter zu bringen.<\/mark><\/p>\n\n\n\n<p><mark style=\"background-color:rgba(0, 0, 0, 0)\" class=\"has-inline-color has-palette-color-2-color\">Gemeinsam finden wir DEINEN Weg, mit dem du dich wohl f\u00fchlst und gerne arbeiten m\u00f6chtest. Wir suchen nach deinen pers\u00f6nlichen Vorlieben in vielen Bereichen wie Bildschnitte, Farbgebung, Posing und Finishing, damit du deinen eigenen Stil finden und umsetzen kannst.<\/mark><\/p>\n\n\n\n<p><mark style=\"background-color:rgba(0, 0, 0, 0)\" class=\"has-inline-color has-palette-color-2-color\">Vorkenntnisse sind nicht n\u00f6tig! Ich hole dich genau da ab, wo du gerade mit deiner Fotografie stehst \ud83d\ude42<\/mark><\/p>\n<\/div>\n<\/div>\n\n\n\n<div class=\"wp-block-columns is-layout-flex wp-container-core-columns-is-layout-2 wp-block-columns-is-layout-flex\">\n<div class=\"wp-block-column is-layout-flow wp-block-column-is-layout-flow\">\n<div class=\"wp-block-cover is-light\"><span aria-hidden=\"true\" class=\"wp-block-cover__background has-background-dim-100 has-background-dim\" style=\"background-color:#fffcf8\"><\/span><div class=\"wp-block-cover__inner-container is-layout-flow wp-block-cover-is-layout-flow\">\n<div class=\"wp-block-media-text has-media-on-the-right is-stacked-on-mobile\"><div class=\"wp-block-media-text__content\">\n<h2 class=\"wp-block-heading\"><mark style=\"background-color:rgba(0, 0, 0, 0)\" class=\"has-inline-color has-palette-color-3-color\">Wie l\u00e4uft ein Coaching ab?<\/mark><\/h2>\n\n\n\n<p><mark style=\"background-color:rgba(0, 0, 0, 0)\" class=\"has-inline-color has-palette-color-2-color\"><strong>VOR dem Coaching:<\/strong><br>\u2022 Wir besprechen die Themen, \u00fcber das du etwas lernen m\u00f6chtest (Pferd + Mensch Portraits, Bewegungsbilder, Reitbilder,..)<br>\u2022 Wir vereinbaren einen passenden Termin und suchen gemeinsam ein Model\/Motiv nach deinen Vorstellungen<br>\u2022 Du bekommst von mir einen Fragebogen, damit ich mir vorab ein m\u00f6glichst gutes Bild von dir und deinen bisherigen Kenntnissen machen kann<\/mark><\/p>\n\n\n\n<p><mark style=\"background-color:rgba(0, 0, 0, 0)\" class=\"has-inline-color has-palette-color-2-color\"><strong>&nbsp;W\u00c4HREND des Coachings:<br><\/strong>\u2022&nbsp;Wir gehen im Ablauf nach deinen W\u00fcnschen vor. Ob zuerst Shooting oder Bildbearbeitung \u00fcberlasse ich dir bzw. wird der Ablauf an deine Vorkenntnisse angepasst<br>\u2022 Bei Anf\u00e4nger-Coachings empfiehlt es sich, mit einem Theorieteil zu beginnen<\/mark><\/p>\n\n\n\n<p><mark style=\"background-color:rgba(0, 0, 0, 0)\" class=\"has-inline-color has-palette-color-2-color\"><strong>NACH dem Coaching:<br><\/strong>\u2022 Auch nach dem Coaching stehe ich dir gerne weiterhin f\u00fcr deine Fragen zur Verf\u00fcgung! <\/mark><\/p>\n\n\n\n<p><mark style=\"background-color:rgba(0, 0, 0, 0)\" class=\"has-inline-color has-palette-color-2-color\"><strong>VORAUSSETZUNGEN:<br><\/strong>\u2013 eine digitale Spiegelreflexkamera + Objektiv(e)<br>\u2013 evtl.&nbsp;einen Laptop mit&nbsp;Lightroom &amp; Photoshop<\/mark><\/p>\n<\/div><figure class=\"wp-block-media-text__media\"><img loading=\"lazy\" decoding=\"async\" width=\"1024\" height=\"753\" src=\"https:\/\/yvi-tschischka.de\/wp-content\/uploads\/2025\/04\/33F034F8-895A-44A1-BB73-ECA83EED85C3-2-1024x753.jpg\" alt=\"\" class=\"wp-image-3041 size-full\" srcset=\"https:\/\/yvi-tschischka.de\/wp-content\/uploads\/2025\/04\/33F034F8-895A-44A1-BB73-ECA83EED85C3-2-1024x753.jpg 1024w, https:\/\/yvi-tschischka.de\/wp-content\/uploads\/2025\/04\/33F034F8-895A-44A1-BB73-ECA83EED85C3-2-300x221.jpg 300w, https:\/\/yvi-tschischka.de\/wp-content\/uploads\/2025\/04\/33F034F8-895A-44A1-BB73-ECA83EED85C3-2-768x565.jpg 768w, https:\/\/yvi-tschischka.de\/wp-content\/uploads\/2025\/04\/33F034F8-895A-44A1-BB73-ECA83EED85C3-2-600x441.jpg 600w, https:\/\/yvi-tschischka.de\/wp-content\/uploads\/2025\/04\/33F034F8-895A-44A1-BB73-ECA83EED85C3-2.jpg 1125w\" sizes=\"auto, (max-width: 1024px) 100vw, 1024px\" \/><\/figure><\/div>\n<\/div><\/div>\n<\/div>\n<\/div>\n\n\n\n<div class=\"wp-block-columns is-layout-flex wp-container-core-columns-is-layout-3 wp-block-columns-is-layout-flex\">\n<div class=\"wp-block-column has-border-color is-layout-flow wp-block-column-is-layout-flow\" style=\"border-color:#0000001f;border-style:solid;border-width:1px;border-radius:20px;padding-top:var(--wp--preset--spacing--70);padding-right:var(--wp--preset--spacing--70);padding-bottom:var(--wp--preset--spacing--70);padding-left:var(--wp--preset--spacing--70)\">\n<h2 class=\"wp-block-heading has-text-align-center has-black-color has-text-color has-link-color wp-elements-87919b1b3b9eccfdce279840c6be78bd\" style=\"margin-bottom:20px;font-size:clamp(16.293px, 1.018rem + ((1vw - 3.2px) * 0.68), 25px);\"><mark style=\"background-color:rgba(0, 0, 0, 0)\" class=\"has-inline-color has-palette-color-1-color\">Einzel-Coaching Grundpaket<\/mark><\/h2>\n\n\n\n<h5 class=\"wp-block-heading has-text-align-center has-black-color has-text-color has-link-color wp-elements-0c4df2000ad73a6bbd00f81e8094c8c2\"><img loading=\"lazy\" decoding=\"async\" width=\"150\" height=\"150\" class=\"wp-image-3044\" style=\"width: 150px;\" src=\"https:\/\/yvi-tschischka.de\/wp-content\/uploads\/2025\/04\/preis14.png\" alt=\"\" srcset=\"https:\/\/yvi-tschischka.de\/wp-content\/uploads\/2025\/04\/preis14.png 842w, https:\/\/yvi-tschischka.de\/wp-content\/uploads\/2025\/04\/preis14-300x300.png 300w, https:\/\/yvi-tschischka.de\/wp-content\/uploads\/2025\/04\/preis14-150x150.png 150w, https:\/\/yvi-tschischka.de\/wp-content\/uploads\/2025\/04\/preis14-768x768.png 768w, https:\/\/yvi-tschischka.de\/wp-content\/uploads\/2025\/04\/preis14-600x600.png 600w, https:\/\/yvi-tschischka.de\/wp-content\/uploads\/2025\/04\/preis14-100x100.png 100w\" sizes=\"auto, (max-width: 150px) 100vw, 150px\" \/><br><mark style=\"background-color:rgba(0, 0, 0, 0)\" class=\"has-inline-color has-palette-color-1-color\">4 Stunden<\/mark><\/h5>\n\n\n\n<h3 class=\"wp-block-heading has-text-align-center\"><mark style=\"background-color:rgba(0, 0, 0, 0)\" class=\"has-inline-color has-palette-color-2-color\">499\u20ac<\/mark><\/h3>\n\n\n\n<p class=\"has-text-align-center\"><mark style=\"background-color:rgba(0, 0, 0, 0)\" class=\"has-inline-color has-palette-color-2-color\">Du m\u00f6chtest dich in der Fotografie weiterentwickeln? Neue Seiten an dir und deiner Arbeit mit der Kamera kennenlernen? <\/mark><\/p>\n\n\n\n<p class=\"has-text-align-center\"><mark style=\"background-color:rgba(0, 0, 0, 0)\" class=\"has-inline-color has-palette-color-2-color\">\u00dcber den Tellerrand hinausschauen? Lass uns diesen Weg gemeinsam gehen! Egal wie lange du schon fotografierst, ob du reiner Anf\u00e4nger bist oder bereits zu den Fortgeschrittenen Fotografen z\u00e4hlst \u2013 man lernt einfach nie aus!<br>Dein pers\u00f6nliches Coaching bei mir wird ganz individuell an deine W\u00fcnsche angepasst. Im&nbsp;<strong><em>Grundpaket<\/em><\/strong>&nbsp;Paket entscheidest du,&nbsp;<strong><em>welche zwei der drei m\u00f6glichen Bereiche \u201eTheorie\u201c \u2013 \u201ePraxis\u201c \u2013 \u201eBildbearbeitung\u201c<\/em><\/strong>&nbsp;wir besprechen und umsetzen. <\/mark><\/p>\n\n\n\n<p class=\"has-text-align-center\"><mark style=\"background-color:rgba(0, 0, 0, 0)\" class=\"has-inline-color has-palette-color-2-color\">Du hast spezielle Themen, die du erarbeiten m\u00f6chtest, wie z.B. Posing, Kundenumgang, Bildretusche, Workflowoptimierung usw.? <\/mark><br><mark style=\"background-color:rgba(0, 0, 0, 0)\" class=\"has-inline-color has-palette-color-2-color\">Kein Problem! Wir gehen alles durch, was DIR wichtig ist!<br>Auch der Praxisteil wird voll und ganz auf&nbsp;dich angepasst. Erz\u00e4hle mir deine Model- und Locationw\u00fcnsche und wir gehen gemeinsam auf die Suche nach passenden Motiven! Das Coaching soll nicht nur eine reine Weiterbildung, sondern auch ein besonderes Erlebnis f\u00fcr dich werden. Mir ist es sehr wichtig, dass man als Fotograf Spa\u00df an der Leidenschaft Fotografie hat und der soll uns das ganze Coaching&nbsp;\u00fcber begleiten! Zus\u00e4tzlich zum Coaching stehe ich dir jederzeit nach unserem Termin mit Rat und Tat zur Seite!<\/mark><br><\/p>\n\n\n\n<div class=\"wp-block-buttons is-layout-flex wp-block-buttons-is-layout-flex\" style=\"margin-bottom:40px\">\n<div class=\"wp-block-button has-custom-width wp-block-button__width-100 has-custom-font-size\" style=\"font-size:clamp(14px, 0.875rem + ((1vw - 3.2px) * 0.313), 18px);font-style:normal;font-weight:600\"><a class=\"wp-block-button__link wp-element-button\" href=\"https:\/\/yvi-tschischka.de\/index.php\/kontakt\/\" style=\"border-radius:8px;padding-top:15px;padding-bottom:15px\">Anfragen<\/a><\/div>\n<\/div>\n\n\n\n<p class=\"has-text-align-center has-black-color has-text-color has-link-color wp-elements-31ef8a46bf82daa30dab4b6adf99fd54\"><\/p>\n<\/div>\n<\/div>\n\n\n\n<div class=\"wp-block-columns is-layout-flex wp-container-core-columns-is-layout-4 wp-block-columns-is-layout-flex\">\n<div class=\"wp-block-column has-border-color is-layout-flow wp-block-column-is-layout-flow\" style=\"border-color:#0000001f;border-style:solid;border-width:1px;border-radius:20px;padding-top:var(--wp--preset--spacing--70);padding-right:var(--wp--preset--spacing--70);padding-bottom:var(--wp--preset--spacing--70);padding-left:var(--wp--preset--spacing--70)\">\n<h2 class=\"wp-block-heading has-text-align-center has-black-color has-text-color has-link-color wp-elements-c82d2ec5f187a85da3d0d1b6efb59f00\" style=\"margin-bottom:20px;font-size:clamp(16.293px, 1.018rem + ((1vw - 3.2px) * 0.68), 25px);\"><mark style=\"background-color:rgba(0, 0, 0, 0)\" class=\"has-inline-color has-palette-color-1-color\">Einzel-Coaching &#8222;gro\u00df&#8220;<\/mark><\/h2>\n\n\n\n<p class=\"has-text-align-center has-black-color has-text-color has-link-color has-xx-large-font-size wp-elements-386f25a1ad8536229c11a1b172241af0\" style=\"margin-bottom:20px;font-style:normal;font-weight:800;line-height:1\"><img loading=\"lazy\" decoding=\"async\" width=\"150\" height=\"150\" class=\"wp-image-3043\" style=\"width: 150px;\" src=\"https:\/\/yvi-tschischka.de\/wp-content\/uploads\/2025\/04\/preis13.png\" alt=\"\" srcset=\"https:\/\/yvi-tschischka.de\/wp-content\/uploads\/2025\/04\/preis13.png 842w, https:\/\/yvi-tschischka.de\/wp-content\/uploads\/2025\/04\/preis13-300x300.png 300w, https:\/\/yvi-tschischka.de\/wp-content\/uploads\/2025\/04\/preis13-150x150.png 150w, https:\/\/yvi-tschischka.de\/wp-content\/uploads\/2025\/04\/preis13-768x768.png 768w, https:\/\/yvi-tschischka.de\/wp-content\/uploads\/2025\/04\/preis13-600x600.png 600w, https:\/\/yvi-tschischka.de\/wp-content\/uploads\/2025\/04\/preis13-100x100.png 100w\" sizes=\"auto, (max-width: 150px) 100vw, 150px\" \/><\/p>\n\n\n\n<h5 class=\"wp-block-heading has-text-align-center\"><mark style=\"background-color:rgba(0, 0, 0, 0)\" class=\"has-inline-color has-palette-color-1-color\">6\u20137 Stunden<\/mark><\/h5>\n\n\n\n<h3 class=\"wp-block-heading has-text-align-center has-black-color has-text-color has-link-color wp-elements-f4706cc62b5ce0831f2762190ba3fd1a\"><mark style=\"background-color:rgba(0, 0, 0, 0)\" class=\"has-inline-color has-palette-color-2-color\">799\u20ac<\/mark><\/h3>\n\n\n\n<p class=\"has-black-color has-text-color has-link-color wp-elements-1ff12e3aea8ac27725cb6f7dfed252ff\"><mark style=\"background-color:rgba(0, 0, 0, 0)\" class=\"has-inline-color has-palette-color-2-color\">Du kannst das Grundpaket aufstocken auf das gro\u00dfe Coachingpaket.<\/mark><\/p>\n\n\n\n<p class=\"has-black-color has-text-color has-link-color wp-elements-b8cb660ba153fe44331f575119512fa2\"><mark style=\"background-color:rgba(0, 0, 0, 0)\" class=\"has-inline-color has-palette-color-2-color\">Beim gro\u00dfen Paket gilt dasselbe wie beim Grundpaket, mit dem Unterschied, dass wir deutlich mehr Zeit haben und somit alle 3 Bereiche&nbsp;<strong><em>&nbsp;\u201eTheorie\u201c \u2013 \u201ePraxis\u201c \u2013 \u201eBildbearbeitung\u201c&nbsp;<\/em><\/strong>&nbsp;behandeln k\u00f6nnen (wenn du m\u00f6chtest).<\/mark><br><\/p>\n\n\n\n<div class=\"wp-block-buttons is-layout-flex wp-block-buttons-is-layout-flex\" style=\"margin-bottom:40px\">\n<div class=\"wp-block-button has-custom-width wp-block-button__width-100 has-custom-font-size\" style=\"font-size:clamp(14px, 0.875rem + ((1vw - 3.2px) * 0.313), 18px);font-style:normal;font-weight:600\"><a class=\"wp-block-button__link wp-element-button\" href=\"https:\/\/yvi-tschischka.de\/index.php\/kontakt\/\" style=\"border-radius:8px;padding-top:15px;padding-bottom:15px\">Anfragen<\/a><\/div>\n<\/div>\n\n\n\n<p class=\"has-text-align-center has-black-color has-text-color has-link-color wp-elements-31ef8a46bf82daa30dab4b6adf99fd54\"><\/p>\n<\/div>\n\n\n\n<div class=\"wp-block-column has-border-color is-layout-flow wp-block-column-is-layout-flow\" style=\"border-color:#0000001f;border-style:solid;border-width:1px;border-radius:20px;padding-top:var(--wp--preset--spacing--70);padding-right:var(--wp--preset--spacing--70);padding-bottom:var(--wp--preset--spacing--70);padding-left:var(--wp--preset--spacing--70)\">\n<h2 class=\"wp-block-heading has-text-align-center has-black-color has-text-color has-link-color wp-elements-e660ab79db4e0ec360d8adf48045ad1a\" style=\"margin-bottom:20px;font-size:clamp(16.293px, 1.018rem + ((1vw - 3.2px) * 0.68), 25px);\"><mark style=\"background-color:rgba(0, 0, 0, 0)\" class=\"has-inline-color has-palette-color-1-color\">Doppel-Coaching<\/mark><\/h2>\n\n\n\n<p class=\"has-text-align-center has-black-color has-text-color has-link-color has-xx-large-font-size wp-elements-5a9f8cb8a772edc0763fb4f6f80cadbe\" style=\"margin-bottom:20px;font-style:normal;font-weight:800;line-height:1\"><img loading=\"lazy\" decoding=\"async\" width=\"150\" height=\"150\" class=\"wp-image-3046\" style=\"width: 150px;\" src=\"https:\/\/yvi-tschischka.de\/wp-content\/uploads\/2025\/04\/preis15-1.png\" alt=\"\" srcset=\"https:\/\/yvi-tschischka.de\/wp-content\/uploads\/2025\/04\/preis15-1.png 842w, https:\/\/yvi-tschischka.de\/wp-content\/uploads\/2025\/04\/preis15-1-300x300.png 300w, https:\/\/yvi-tschischka.de\/wp-content\/uploads\/2025\/04\/preis15-1-150x150.png 150w, https:\/\/yvi-tschischka.de\/wp-content\/uploads\/2025\/04\/preis15-1-768x768.png 768w, https:\/\/yvi-tschischka.de\/wp-content\/uploads\/2025\/04\/preis15-1-600x600.png 600w, https:\/\/yvi-tschischka.de\/wp-content\/uploads\/2025\/04\/preis15-1-100x100.png 100w\" sizes=\"auto, (max-width: 150px) 100vw, 150px\" \/><\/p>\n\n\n\n<h5 class=\"wp-block-heading has-text-align-center\"><mark style=\"background-color:rgba(0, 0, 0, 0)\" class=\"has-inline-color has-palette-color-1-color\">5\u20136 Stunden<\/mark><\/h5>\n\n\n\n<h3 class=\"wp-block-heading has-text-align-center has-black-color has-text-color has-link-color wp-elements-b0b027c496ddf1ad21d8de833bdca18f\"><mark style=\"background-color:rgba(0, 0, 0, 0)\" class=\"has-inline-color has-palette-color-2-color\">1200\u20ac<\/mark><\/h3>\n\n\n\n<p class=\"has-black-color has-text-color has-link-color wp-elements-b55bedf3a1f7a08af07775a9e75f2286\"><mark style=\"background-color:rgba(0, 0, 0, 0)\" class=\"has-inline-color has-palette-color-2-color\">Ihr wollt ein Coaching zu zweit? Kein Problem!<\/mark><\/p>\n\n\n\n<p class=\"has-black-color has-text-color has-link-color wp-elements-d1e52d2ea6aad33e8af2a87e48c5c952\"><mark style=\"background-color:rgba(0, 0, 0, 0)\" class=\"has-inline-color has-palette-color-2-color\">Ein Doppelcoaching funktioniert genauso wie ein Einzelcoaching \u2013 nur mit zwei Personen! Ihr k\u00f6nnt in diesem Paket \u2013 wie im Grundpaket \u2013&nbsp;zwei Bereiche w\u00e4hlen, die wir gemeinsam behandeln und erarbeiten werden.<\/mark><br><\/p>\n\n\n\n<div class=\"wp-block-buttons is-layout-flex wp-block-buttons-is-layout-flex\" style=\"margin-bottom:40px\">\n<div class=\"wp-block-button has-custom-width wp-block-button__width-100 has-custom-font-size\" style=\"font-size:clamp(14px, 0.875rem + ((1vw - 3.2px) * 0.313), 18px);font-style:normal;font-weight:600\"><a class=\"wp-block-button__link wp-element-button\" href=\"https:\/\/yvi-tschischka.de\/index.php\/kontakt\/\" style=\"border-radius:8px;padding-top:15px;padding-bottom:15px\">Anfragen<\/a><\/div>\n<\/div>\n\n\n\n<p class=\"has-text-align-center has-black-color has-text-color has-link-color wp-elements-31ef8a46bf82daa30dab4b6adf99fd54\"><\/p>\n<\/div>\n<\/div>\n\n\n\n<figure class=\"wp-block-gallery has-nested-images columns-default is-cropped wp-block-gallery-1 is-layout-flex wp-block-gallery-is-layout-flex\">\n<figure class=\"wp-block-image size-large\"><img loading=\"lazy\" decoding=\"async\" width=\"1024\" height=\"683\" data-id=\"3050\" src=\"https:\/\/yvi-tschischka.de\/wp-content\/uploads\/2025\/04\/IMG_1144-1024x683.jpg\" alt=\"\" class=\"wp-image-3050\" srcset=\"https:\/\/yvi-tschischka.de\/wp-content\/uploads\/2025\/04\/IMG_1144-1024x683.jpg 1024w, https:\/\/yvi-tschischka.de\/wp-content\/uploads\/2025\/04\/IMG_1144-300x200.jpg 300w, https:\/\/yvi-tschischka.de\/wp-content\/uploads\/2025\/04\/IMG_1144-768x512.jpg 768w, https:\/\/yvi-tschischka.de\/wp-content\/uploads\/2025\/04\/IMG_1144-1536x1024.jpg 1536w, https:\/\/yvi-tschischka.de\/wp-content\/uploads\/2025\/04\/IMG_1144-2048x1365.jpg 2048w, https:\/\/yvi-tschischka.de\/wp-content\/uploads\/2025\/04\/IMG_1144-600x400.jpg 600w\" sizes=\"auto, (max-width: 1024px) 100vw, 1024px\" \/><\/figure>\n\n\n\n<figure class=\"wp-block-image size-large\"><img loading=\"lazy\" decoding=\"async\" width=\"1024\" height=\"683\" data-id=\"3052\" src=\"https:\/\/yvi-tschischka.de\/wp-content\/uploads\/2025\/04\/IMG_1144v-1024x683.jpg\" alt=\"\" class=\"wp-image-3052\" srcset=\"https:\/\/yvi-tschischka.de\/wp-content\/uploads\/2025\/04\/IMG_1144v-1024x683.jpg 1024w, https:\/\/yvi-tschischka.de\/wp-content\/uploads\/2025\/04\/IMG_1144v-300x200.jpg 300w, https:\/\/yvi-tschischka.de\/wp-content\/uploads\/2025\/04\/IMG_1144v-768x512.jpg 768w, https:\/\/yvi-tschischka.de\/wp-content\/uploads\/2025\/04\/IMG_1144v-1536x1024.jpg 1536w, https:\/\/yvi-tschischka.de\/wp-content\/uploads\/2025\/04\/IMG_1144v-2048x1365.jpg 2048w, https:\/\/yvi-tschischka.de\/wp-content\/uploads\/2025\/04\/IMG_1144v-600x400.jpg 600w\" sizes=\"auto, (max-width: 1024px) 100vw, 1024px\" \/><\/figure>\n<\/figure>\n\n\n\n<div class=\"wp-block-columns is-layout-flex wp-container-core-columns-is-layout-5 wp-block-columns-is-layout-flex\">\n<div class=\"wp-block-column has-border-color is-layout-flow wp-block-column-is-layout-flow\" style=\"border-color:#0000001f;border-style:solid;border-width:1px;border-radius:20px;padding-top:var(--wp--preset--spacing--70);padding-right:var(--wp--preset--spacing--70);padding-bottom:var(--wp--preset--spacing--70);padding-left:var(--wp--preset--spacing--70)\">\n<h2 class=\"wp-block-heading has-text-align-center has-black-color has-text-color has-link-color wp-elements-ad3ea7344deaff517f364d6a8ee70f7d\" style=\"margin-bottom:20px;font-size:clamp(16.293px, 1.018rem + ((1vw - 3.2px) * 0.68), 25px);\"><mark style=\"background-color:rgba(0, 0, 0, 0)\" class=\"has-inline-color has-palette-color-1-color\">Coaching Bildbearbeitung<\/mark><\/h2>\n\n\n\n<h5 class=\"wp-block-heading has-text-align-center has-black-color has-text-color has-link-color wp-elements-975e643788863e4bcdece434e2f662af\"><img loading=\"lazy\" decoding=\"async\" width=\"150\" height=\"150\" class=\"wp-image-3047\" style=\"width: 150px;\" src=\"https:\/\/yvi-tschischka.de\/wp-content\/uploads\/2025\/04\/preis16.png\" alt=\"\" srcset=\"https:\/\/yvi-tschischka.de\/wp-content\/uploads\/2025\/04\/preis16.png 842w, https:\/\/yvi-tschischka.de\/wp-content\/uploads\/2025\/04\/preis16-300x300.png 300w, https:\/\/yvi-tschischka.de\/wp-content\/uploads\/2025\/04\/preis16-150x150.png 150w, https:\/\/yvi-tschischka.de\/wp-content\/uploads\/2025\/04\/preis16-768x768.png 768w, https:\/\/yvi-tschischka.de\/wp-content\/uploads\/2025\/04\/preis16-600x600.png 600w, https:\/\/yvi-tschischka.de\/wp-content\/uploads\/2025\/04\/preis16-100x100.png 100w\" sizes=\"auto, (max-width: 150px) 100vw, 150px\" \/><br><mark style=\"background-color:rgba(0, 0, 0, 0)\" class=\"has-inline-color has-palette-color-1-color\">2\u20133 Stunden<\/mark><\/h5>\n\n\n\n<h3 class=\"wp-block-heading has-text-align-center\"><mark style=\"background-color:rgba(0, 0, 0, 0)\" class=\"has-inline-color has-palette-color-2-color\">399\u20ac<\/mark><\/h3>\n\n\n\n<p class=\"has-text-align-center\"><mark style=\"background-color:rgba(0, 0, 0, 0)\" class=\"has-inline-color has-palette-color-2-color\"><mark style=\"background-color:rgba(0, 0, 0, 0)\" class=\"has-inline-color has-palette-color-2-color\">Du m\u00f6chtest deine Kenntnisse in Photoshop verbessern?<br>Deinen Bildern willst du das gewisse Etwas geben? Deinen Workflow optimieren? <\/mark><\/mark><br><mark style=\"background-color:rgba(0, 0, 0, 0)\" class=\"has-inline-color has-palette-color-2-color\"><mark style=\"background-color:rgba(0, 0, 0, 0)\" class=\"has-inline-color has-palette-color-2-color\">Mit nun \u00fcber 15 Jahren Erfahrung in&nbsp;Photoshop zeige ich Dir viele Tipps und Tricks und meinen ganz pers\u00f6nlichen Workflow in diesem faszinierenden Programm! Du wirst sehr viele \u201eAha-Momente\u201c erleben und ich zeige dir, wie du Photoshop so effizient und effektiv wie nur m\u00f6glich nutzen kannst!<\/mark><\/mark><\/p>\n\n\n\n<p class=\"has-text-align-center\"><\/p>\n\n\n\n<div class=\"wp-block-buttons is-layout-flex wp-block-buttons-is-layout-flex\" style=\"margin-bottom:40px\">\n<div class=\"wp-block-button has-custom-width wp-block-button__width-100 has-custom-font-size\" style=\"font-size:clamp(14px, 0.875rem + ((1vw - 3.2px) * 0.313), 18px);font-style:normal;font-weight:600\"><a class=\"wp-block-button__link wp-element-button\" href=\"https:\/\/yvi-tschischka.de\/index.php\/kontakt\/\" style=\"border-radius:8px;padding-top:15px;padding-bottom:15px\">Anfragen<\/a><\/div>\n<\/div>\n\n\n\n<p class=\"has-text-align-center has-black-color has-text-color has-link-color wp-elements-31ef8a46bf82daa30dab4b6adf99fd54\"><\/p>\n<\/div>\n<\/div>\n\n\n\n<div class=\"wp-block-columns is-layout-flex wp-container-core-columns-is-layout-6 wp-block-columns-is-layout-flex\">\n<div class=\"wp-block-column is-layout-flow wp-block-column-is-layout-flow\"><\/div>\n<\/div>\n\n\n\n<figure class=\"wp-block-gallery aligncenter has-nested-images columns-default is-cropped wp-block-gallery-2 is-layout-flex wp-block-gallery-is-layout-flex\"><\/figure>\n","protected":false},"excerpt":{"rendered":"<p>&nbsp; Wieso du ein Coaching bei mir buchen solltest? Meine Erfahrung in der Fotografie umfasst inzwischen insgesamt 15 Jahre. Mindestens genauso lange besch\u00e4ftige ich mich sehr intensiv mit dem Programm &#8222;Adobe Photoshop&#8220; und habe mir hier einen pers\u00f6nlichen Workflow angeeignet, der strukturiert ist und gleichzeitig besonders schnelles und effizientes \u2013&nbsp;aber trotzdem auch sauberes (!) \u2013 [&hellip;]<\/p>\n","protected":false},"author":1,"featured_media":0,"parent":8,"menu_order":0,"comment_status":"closed","ping_status":"closed","template":"","meta":{"footnotes":"","_links_to":"","_links_to_target":""},"class_list":["post-165","page","type-page","status-publish","hentry"],"blocksy_meta":{"styles_descriptor":{"styles":{"desktop":"","tablet":"","mobile":""},"google_fonts":[]}},"jetpack_sharing_enabled":true,"_links":{"self":[{"href":"https:\/\/yvi-tschischka.de\/index.php\/wp-json\/wp\/v2\/pages\/165","targetHints":{"allow":["GET"]}}],"collection":[{"href":"https:\/\/yvi-tschischka.de\/index.php\/wp-json\/wp\/v2\/pages"}],"about":[{"href":"https:\/\/yvi-tschischka.de\/index.php\/wp-json\/wp\/v2\/types\/page"}],"author":[{"embeddable":true,"href":"https:\/\/yvi-tschischka.de\/index.php\/wp-json\/wp\/v2\/users\/1"}],"replies":[{"embeddable":true,"href":"https:\/\/yvi-tschischka.de\/index.php\/wp-json\/wp\/v2\/comments?post=165"}],"version-history":[{"count":20,"href":"https:\/\/yvi-tschischka.de\/index.php\/wp-json\/wp\/v2\/pages\/165\/revisions"}],"predecessor-version":[{"id":3089,"href":"https:\/\/yvi-tschischka.de\/index.php\/wp-json\/wp\/v2\/pages\/165\/revisions\/3089"}],"up":[{"embeddable":true,"href":"https:\/\/yvi-tschischka.de\/index.php\/wp-json\/wp\/v2\/pages\/8"}],"wp:attachment":[{"href":"https:\/\/yvi-tschischka.de\/index.php\/wp-json\/wp\/v2\/media?parent=165"}],"curies":[{"name":"wp","href":"https:\/\/api.w.org\/{rel}","templated":true}]}}